{"id":700,"date":"2021-01-15T19:13:35","date_gmt":"2021-01-15T19:13:35","guid":{"rendered":"https:\/\/novo2.drandremansano.com.br\/?page_id=700"},"modified":"2021-01-15T19:13:35","modified_gmt":"2021-01-15T19:13:35","slug":"blog","status":"publish","type":"page","link":"https:\/\/drandremansano.com.br\/index.php\/blog\/","title":{"rendered":"Blog"},"content":{"rendered":"\t\t<div data-elementor-type=\"wp-page\" data-elementor-id=\"700\" class=\"elementor elementor-700\">\n\t\t\t\t\t\t<section class=\"elementor-section elementor-top-section elementor-element elementor-element-279b036d elementor-section-boxed elementor-section-height-default elementor-section-height-default wpr-particle-no wpr-jarallax-no wpr-parallax-no wpr-sticky-section-no wpr-equal-height-no\" data-id=\"279b036d\" data-element_type=\"section\" data-settings=\"{&quot;background_background&quot;:&quot;classic&quot;}\">\n\t\t\t\t\t\t<div class=\"elementor-container elementor-column-gap-default\">\n\t\t\t\t\t<div class=\"elementor-column elementor-col-100 elementor-top-column elementor-element elementor-element-7cdba2fd\" data-id=\"7cdba2fd\" data-element_type=\"column\">\n\t\t\t<div class=\"elementor-widget-wrap elementor-element-populated\">\n\t\t\t\t\t\t<div class=\"elementor-element elementor-element-17e66a49 elementor-widget elementor-widget-heading\" data-id=\"17e66a49\" data-element_type=\"widget\" data-widget_type=\"heading.default\">\n\t\t\t\t<div class=\"elementor-widget-container\">\n\t\t\t<h2 class=\"elementor-heading-title elementor-size-default\">BLOG<\/h2>\t\t<\/div>\n\t\t\t\t<\/div>\n\t\t\t\t\t<\/div>\n\t\t<\/div>\n\t\t\t\t\t<\/div>\n\t\t<\/section>\n\t\t\t\t<section class=\"elementor-section elementor-top-section elementor-element elementor-element-134104a elementor-section-boxed elementor-section-height-default elementor-section-height-default wpr-particle-no wpr-jarallax-no wpr-parallax-no wpr-sticky-section-no wpr-equal-height-no\" data-id=\"134104a\" data-element_type=\"section\">\n\t\t\t\t\t\t\t<div class=\"elementor-background-overlay\"><\/div>\n\t\t\t\t\t\t\t<div class=\"elementor-container elementor-column-gap-default\">\n\t\t\t\t\t<div class=\"elementor-column elementor-col-100 elementor-top-column elementor-element elementor-element-5e9036b\" data-id=\"5e9036b\" data-element_type=\"column\">\n\t\t\t<div class=\"elementor-widget-wrap elementor-element-populated\">\n\t\t\t\t\t\t<div class=\"elementor-element elementor-element-6c3d8e4 elementor-widget elementor-widget-eael-post-timeline\" data-id=\"6c3d8e4\" data-element_type=\"widget\" data-widget_type=\"eael-post-timeline.default\">\n\t\t\t\t<div class=\"elementor-widget-container\">\n\t\t\t<div id=\"eael-post-timeline-6c3d8e4\" class=\"eael-post-timeline timeline-layout-default eael-post-timeline-arrow-\">\n            <div class=\"eael-post-timeline eael-post-appender eael-post-appender-6c3d8e4\"><article class=\"eael-timeline-post eael-timeline-column\">\n    <div class=\"eael-timeline-bullet\"><\/div>\n    <div class=\"eael-timeline-post-inner\">\n        <a class=\"eael-timeline-post-link\" href=\"https:\/\/drandremansano.com.br\/index.php\/2022\/05\/24\/radiofrequencia-do-trigemeo\/\" title=\"Radiofrequ\u00eancia do trig\u00eameo\">\n            <time datetime=\"maio 24, 2022\">maio 24, 2022<\/time>\n            <div class=\"eael-timeline-post-image  attachment-medium size-medium\" style=\"background-image: url(https:\/\/drandremansano.com.br\/wp-content\/uploads\/2022\/05\/RADIOFREQUENCIA-DO-TRIGEMEO-scaled-1-300x200.jpg);\"><\/div><div class=\"eael-timeline-post-excerpt\"><p>A radiofrequ\u00eancia \u00e9 um dos principais tratamentos para neuralgia do...<\/p><\/div><div class=\"eael-timeline-post-title\">\n                    <h2 class=\"eael-timeline-post-title-text\">Radiofrequ\u00eancia do trig\u00eameo<\/h2>\n                <\/div><\/a>\n    <\/div>\n<\/article><article class=\"eael-timeline-post eael-timeline-column\">\n    <div class=\"eael-timeline-bullet\"><\/div>\n    <div class=\"eael-timeline-post-inner\">\n        <a class=\"eael-timeline-post-link\" href=\"https:\/\/drandremansano.com.br\/index.php\/2021\/01\/15\/postura-e-dor-lombar-cronica-ha-relacao\/\" title=\"Postura e dor lombar cr\u00f4nica: h\u00e1 rela\u00e7\u00e3o?\">\n            <time datetime=\"janeiro 15, 2021\">janeiro 15, 2021<\/time>\n            <div class=\"eael-timeline-post-image  attachment-medium size-medium\" style=\"background-image: url(https:\/\/drandremansano.com.br\/wp-content\/uploads\/2021\/01\/hernia-de-disco-quais-os-sintomas-hernia-de-disco-como-tratar-300x169.jpg);\"><\/div><div class=\"eael-timeline-post-excerpt\"><p>Postura e dor lombar cr\u00f4nica: h\u00e1 rela\u00e7\u00e3o? Como j\u00e1 vimos,...<\/p><\/div><div class=\"eael-timeline-post-title\">\n                    <h2 class=\"eael-timeline-post-title-text\">Postura e dor lombar cr\u00f4nica: h\u00e1 rela\u00e7\u00e3o?<\/h2>\n                <\/div><\/a>\n    <\/div>\n<\/article><article class=\"eael-timeline-post eael-timeline-column\">\n    <div class=\"eael-timeline-bullet\"><\/div>\n    <div class=\"eael-timeline-post-inner\">\n        <a class=\"eael-timeline-post-link\" href=\"https:\/\/drandremansano.com.br\/index.php\/2021\/01\/15\/sinais-de-alerta\/\" title=\"Sinais de alerta\">\n            <time datetime=\"janeiro 15, 2021\">janeiro 15, 2021<\/time>\n            <div class=\"eael-timeline-post-image  attachment-medium size-medium\" style=\"background-image: url(https:\/\/drandremansano.com.br\/wp-content\/uploads\/2021\/01\/image1-5-1-300x169.jpg);\"><\/div><div class=\"eael-timeline-post-excerpt\"><p>SINAIS DE ALERTA Sinais de alerta \u2013 quando procurar um...<\/p><\/div><div class=\"eael-timeline-post-title\">\n                    <h2 class=\"eael-timeline-post-title-text\">Sinais de alerta<\/h2>\n                <\/div><\/a>\n    <\/div>\n<\/article><article class=\"eael-timeline-post eael-timeline-column\">\n    <div class=\"eael-timeline-bullet\"><\/div>\n    <div class=\"eael-timeline-post-inner\">\n        <a class=\"eael-timeline-post-link\" href=\"https:\/\/drandremansano.com.br\/index.php\/2021\/01\/15\/nervos-perifericos\/\" title=\"Nervos perif\u00e9ricos\">\n            <time datetime=\"janeiro 15, 2021\">janeiro 15, 2021<\/time>\n            <div class=\"eael-timeline-post-image  attachment-medium size-medium\" style=\"background-image: url(https:\/\/drandremansano.com.br\/wp-content\/uploads\/2021\/01\/image1-300x169.jpg);\"><\/div><div class=\"eael-timeline-post-excerpt\"><p>NERVOS PERIF\u00c9RICOS Quando um nervo comprimido \u00e9 o problema Toda...<\/p><\/div><div class=\"eael-timeline-post-title\">\n                    <h2 class=\"eael-timeline-post-title-text\">Nervos perif\u00e9ricos<\/h2>\n                <\/div><\/a>\n    <\/div>\n<\/article><article class=\"eael-timeline-post eael-timeline-column\">\n    <div class=\"eael-timeline-bullet\"><\/div>\n    <div class=\"eael-timeline-post-inner\">\n        <a class=\"eael-timeline-post-link\" href=\"https:\/\/drandremansano.com.br\/index.php\/2021\/01\/15\/hemicrania-continua\/\" title=\"Hemicrania continua\">\n            <time datetime=\"janeiro 15, 2021\">janeiro 15, 2021<\/time>\n            <div class=\"eael-timeline-post-image  attachment-medium size-medium\" style=\"background-image: url(https:\/\/drandremansano.com.br\/wp-content\/uploads\/2021\/01\/image1-1-300x169.jpg);\"><\/div><div class=\"eael-timeline-post-excerpt\"><p>HEMICRANIA CONTINUA Hemicrania cont\u00ednua \u2013 a dor de cabe\u00e7a sempre...<\/p><\/div><div class=\"eael-timeline-post-title\">\n                    <h2 class=\"eael-timeline-post-title-text\">Hemicrania continua<\/h2>\n                <\/div><\/a>\n    <\/div>\n<\/article><article class=\"eael-timeline-post eael-timeline-column\">\n    <div class=\"eael-timeline-bullet\"><\/div>\n    <div class=\"eael-timeline-post-inner\">\n        <a class=\"eael-timeline-post-link\" href=\"https:\/\/drandremansano.com.br\/index.php\/2021\/01\/15\/enxaqueca\/\" title=\"Enxaqueca\">\n            <time datetime=\"janeiro 15, 2021\">janeiro 15, 2021<\/time>\n            <div class=\"eael-timeline-post-image  attachment-medium size-medium\" style=\"background-image: url(https:\/\/drandremansano.com.br\/wp-content\/uploads\/2021\/01\/image4-300x169.jpg);\"><\/div><div class=\"eael-timeline-post-excerpt\"><p>Enxaqueca Enxaqueca A enxaqueca, tamb\u00e9m conhecida com migr\u00e2nea, \u00e9 um...<\/p><\/div><div class=\"eael-timeline-post-title\">\n                    <h2 class=\"eael-timeline-post-title-text\">Enxaqueca<\/h2>\n                <\/div><\/a>\n    <\/div>\n<\/article><article class=\"eael-timeline-post eael-timeline-column\">\n    <div class=\"eael-timeline-bullet\"><\/div>\n    <div class=\"eael-timeline-post-inner\">\n        <a class=\"eael-timeline-post-link\" href=\"https:\/\/drandremansano.com.br\/index.php\/2021\/01\/15\/cefaleia-tensional\/\" title=\"Cefaleia tensional\">\n            <time datetime=\"janeiro 15, 2021\">janeiro 15, 2021<\/time>\n            <div class=\"eael-timeline-post-image  attachment-medium size-medium\" style=\"background-image: url(https:\/\/drandremansano.com.br\/wp-content\/uploads\/2021\/01\/image1-2-300x169.jpg);\"><\/div><div class=\"eael-timeline-post-excerpt\"><p>Cefaleia tensional Cefaleia tensional Esse \u00e9 o tipo mais comum...<\/p><\/div><div class=\"eael-timeline-post-title\">\n                    <h2 class=\"eael-timeline-post-title-text\">Cefaleia tensional<\/h2>\n                <\/div><\/a>\n    <\/div>\n<\/article><article class=\"eael-timeline-post eael-timeline-column\">\n    <div class=\"eael-timeline-bullet\"><\/div>\n    <div class=\"eael-timeline-post-inner\">\n        <a class=\"eael-timeline-post-link\" href=\"https:\/\/drandremansano.com.br\/index.php\/2021\/01\/15\/cefaleia-rinogenica\/\" title=\"Cefaleia rinog\u00eanica\">\n            <time datetime=\"janeiro 15, 2021\">janeiro 15, 2021<\/time>\n            <div class=\"eael-timeline-post-image  attachment-medium size-medium\" style=\"background-image: url(https:\/\/drandremansano.com.br\/wp-content\/uploads\/2021\/01\/image1-3-300x169.jpg);\"><\/div><div class=\"eael-timeline-post-excerpt\"><p>Cefaleia rinog\u00eanica Cefaleia rinog\u00eanica: quando o problema est\u00e1 no nariz...<\/p><\/div><div class=\"eael-timeline-post-title\">\n                    <h2 class=\"eael-timeline-post-title-text\">Cefaleia rinog\u00eanica<\/h2>\n                <\/div><\/a>\n    <\/div>\n<\/article><article class=\"eael-timeline-post eael-timeline-column\">\n    <div class=\"eael-timeline-bullet\"><\/div>\n    <div class=\"eael-timeline-post-inner\">\n        <a class=\"eael-timeline-post-link\" href=\"https:\/\/drandremansano.com.br\/index.php\/2021\/01\/15\/cefaleia-por-abuso-de-analgesicos\/\" title=\"Cefaleia por abuso de analg\u00e9sicos\">\n            <time datetime=\"janeiro 15, 2021\">janeiro 15, 2021<\/time>\n            <div class=\"eael-timeline-post-image  attachment-medium size-medium\" style=\"background-image: url(https:\/\/drandremansano.com.br\/wp-content\/uploads\/2021\/01\/image1-4-300x169.jpg);\"><\/div><div class=\"eael-timeline-post-excerpt\"><p>Cefaleia por uso excessivo de analg\u00e9sicos Cefaleia por uso excessivo...<\/p><\/div><div class=\"eael-timeline-post-title\">\n                    <h2 class=\"eael-timeline-post-title-text\">Cefaleia por abuso de analg\u00e9sicos<\/h2>\n                <\/div><\/a>\n    <\/div>\n<\/article><article class=\"eael-timeline-post eael-timeline-column\">\n    <div class=\"eael-timeline-bullet\"><\/div>\n    <div class=\"eael-timeline-post-inner\">\n        <a class=\"eael-timeline-post-link\" href=\"https:\/\/drandremansano.com.br\/index.php\/2021\/01\/15\/cefaleia-hipnica\/\" title=\"Cefaleia h\u00edpnica\">\n            <time datetime=\"janeiro 15, 2021\">janeiro 15, 2021<\/time>\n            <div class=\"eael-timeline-post-image  attachment-medium size-medium\" style=\"background-image: url(https:\/\/drandremansano.com.br\/wp-content\/uploads\/2021\/01\/dor-sacroiliaca-tratamento-300x169.jpeg);\"><\/div><div class=\"eael-timeline-post-excerpt\"><p>Cefaleia h\u00edpnica Cefaleia h\u00edpnica \u2013 a dor de cabe\u00e7a que...<\/p><\/div><div class=\"eael-timeline-post-title\">\n                    <h2 class=\"eael-timeline-post-title-text\">Cefaleia h\u00edpnica<\/h2>\n                <\/div><\/a>\n    <\/div>\n<\/article><\/div>\n\t\t<\/div>            <div class=\"eael-load-more-button-wrap\">\n                <button class=\"eael-load-more-button\" id=\"eael-load-more-btn-6c3d8e4\" data-widget-id=\"6c3d8e4\" data-widget=\"6c3d8e4\" data-page-id=\"700\" data-template=\"{&quot;dir&quot;:&quot;lite&quot;,&quot;file_name&quot;:&quot;default.php&quot;,&quot;name&quot;:&quot;Post-Timeline&quot;}\" data-class=\"Essential_Addons_Elementor\\Elements\\Post_Timeline\" data-layout=\"\" data-page=\"1\" data-args=\"orderby=date&amp;order=desc&amp;ignore_sticky_posts=1&amp;post_status=publish&amp;posts_per_page=10&amp;offset=&amp;post_type=post&amp;tax_query%5B0%5D%5Btaxonomy%5D=category&amp;tax_query%5B0%5D%5Bfield%5D=term_id&amp;tax_query%5B0%5D%5Bterms%5D%5B0%5D=4&amp;tax_query%5B0%5D%5Bterms%5D%5B1%5D=5&amp;tax_query%5B0%5D%5Bterms%5D%5B2%5D=3&amp;tax_query%5Brelation%5D=AND\" data-max-page=\"2\">\n                    <span class=\"eael-btn-loader button__loader\"><\/span>\n                    <span class=\"eael_load_more_text\">LEIA MAIS<\/span>\n                <\/button>\n            <\/div>\n            \t\t<\/div>\n\t\t\t\t<\/div>\n\t\t\t\t\t<\/div>\n\t\t<\/div>\n\t\t\t\t\t<\/div>\n\t\t<\/section>\n\t\t\t\t<\/div>\n\t\t","protected":false},"excerpt":{"rendered":"<p>BLOG maio 24, 2022 A radiofrequ\u00eancia \u00e9 um dos principais tratamentos para neuralgia do&#8230; RADIOFREQU\u00caNCIA DO TRIG\u00caMEO janeiro 15, 2021 Postura e dor lombar cr\u00f4nica: h\u00e1 rela\u00e7\u00e3o? Como j\u00e1 vimos,&#8230; Postura e dor lombar cr\u00f4nica: h\u00e1 rela\u00e7\u00e3o? janeiro 15, 2021 SINAIS DE ALERTA Sinais de alerta \u2013 quando procurar um&#8230; Sinais de alerta janeiro 15, 2021 NERVOS PERIF\u00c9RICOS Quando um nervo comprimido \u00e9 o problema Toda&#8230; Nervos perif\u00e9ricos janeiro 15, 2021 HEMICRANIA CONTINUA Hemicrania cont\u00ednua \u2013 a dor de cabe\u00e7a sempre&#8230; Hemicrania continua janeiro 15, 2021 Enxaqueca Enxaqueca A enxaqueca, tamb\u00e9m conhecida com migr\u00e2nea, \u00e9 um&#8230; Enxaqueca janeiro 15, 2021 Cefaleia tensional Cefaleia tensional Esse \u00e9 o tipo mais comum&#8230; Cefaleia tensional janeiro 15, 2021 Cefaleia rinog\u00eanica Cefaleia rinog\u00eanica: quando o problema est\u00e1 no nariz&#8230; Cefaleia rinog\u00eanica janeiro 15, 2021 Cefaleia por uso excessivo de analg\u00e9sicos Cefaleia por uso excessivo&#8230; Cefaleia por abuso de analg\u00e9sicos janeiro 15, 2021 Cefaleia h\u00edpnica Cefaleia h\u00edpnica \u2013 a dor de cabe\u00e7a que&#8230; Cefaleia h\u00edpnica LEIA MAIS<\/p>\n","protected":false},"author":1,"featured_media":0,"parent":0,"menu_order":0,"comment_status":"closed","ping_status":"closed","template":"elementor_header_footer","meta":{"_joinchat":[],"footnotes":""},"class_list":["post-700","page","type-page","status-publish","hentry"],"_links":{"self":[{"href":"https:\/\/drandremansano.com.br\/index.php\/wp-json\/wp\/v2\/pages\/700"}],"collection":[{"href":"https:\/\/drandremansano.com.br\/index.php\/wp-json\/wp\/v2\/pages"}],"about":[{"href":"https:\/\/drandremansano.com.br\/index.php\/wp-json\/wp\/v2\/types\/page"}],"author":[{"embeddable":true,"href":"https:\/\/drandremansano.com.br\/index.php\/wp-json\/wp\/v2\/users\/1"}],"replies":[{"embeddable":true,"href":"https:\/\/drandremansano.com.br\/index.php\/wp-json\/wp\/v2\/comments?post=700"}],"version-history":[{"count":0,"href":"https:\/\/drandremansano.com.br\/index.php\/wp-json\/wp\/v2\/pages\/700\/revisions"}],"wp:attachment":[{"href":"https:\/\/drandremansano.com.br\/index.php\/wp-json\/wp\/v2\/media?parent=700"}],"curies":[{"name":"wp","href":"https:\/\/api.w.org\/{rel}","templated":true}]}}