{"id":498,"date":"2021-01-13T21:00:36","date_gmt":"2021-01-13T21:00:36","guid":{"rendered":"https:\/\/novo2.drandremansano.com.br\/dor-cervical-copy\/"},"modified":"2021-01-13T21:00:36","modified_gmt":"2021-01-13T21:00:36","slug":"dor-no-cancer","status":"publish","type":"page","link":"https:\/\/drandremansano.com.br\/index.php\/dor-no-cancer\/","title":{"rendered":"Dor no c\u00e2ncer"},"content":{"rendered":"\t\t<div data-elementor-type=\"wp-page\" data-elementor-id=\"498\" class=\"elementor elementor-498\">\n\t\t\t\t\t\t<section class=\"elementor-section elementor-top-section elementor-element elementor-element-47bd6143 elementor-section-boxed elementor-section-height-default elementor-section-height-default wpr-particle-no wpr-jarallax-no wpr-parallax-no wpr-sticky-section-no wpr-equal-height-no\" data-id=\"47bd6143\" data-element_type=\"section\" data-settings=\"{&quot;background_background&quot;:&quot;classic&quot;}\">\n\t\t\t\t\t\t<div class=\"elementor-container elementor-column-gap-default\">\n\t\t\t\t\t<div class=\"elementor-column elementor-col-50 elementor-top-column elementor-element elementor-element-640ed789\" data-id=\"640ed789\" data-element_type=\"column\">\n\t\t\t<div class=\"elementor-widget-wrap elementor-element-populated\">\n\t\t\t\t\t\t<div class=\"elementor-element elementor-element-32439e8 elementor-widget elementor-widget-image\" data-id=\"32439e8\" data-element_type=\"widget\" data-widget_type=\"image.default\">\n\t\t\t\t<div class=\"elementor-widget-container\">\n\t\t\t\t\t\t\t\t\t\t\t\t\t<img decoding=\"async\" width=\"79\" height=\"79\" src=\"https:\/\/drandremansano.com.br\/wp-content\/uploads\/2021\/02\/cancer.png\" class=\"attachment-large size-large wp-image-1556\" alt=\"\" \/>\t\t\t\t\t\t\t\t\t\t\t\t\t<\/div>\n\t\t\t\t<\/div>\n\t\t\t\t\t<\/div>\n\t\t<\/div>\n\t\t\t\t<div class=\"elementor-column elementor-col-50 elementor-top-column elementor-element elementor-element-440952aa\" data-id=\"440952aa\" data-element_type=\"column\">\n\t\t\t<div class=\"elementor-widget-wrap elementor-element-populated\">\n\t\t\t\t\t\t<div class=\"elementor-element elementor-element-1e139ca elementor-widget elementor-widget-heading\" data-id=\"1e139ca\" data-element_type=\"widget\" data-widget_type=\"heading.default\">\n\t\t\t\t<div class=\"elementor-widget-container\">\n\t\t\t<h2 class=\"elementor-heading-title elementor-size-default\">Dor do c\u00e2ncer<\/h2>\t\t<\/div>\n\t\t\t\t<\/div>\n\t\t\t\t\t<\/div>\n\t\t<\/div>\n\t\t\t\t\t<\/div>\n\t\t<\/section>\n\t\t\t\t<section class=\"elementor-section elementor-top-section elementor-element elementor-element-3a46e93b elementor-section-boxed elementor-section-height-default elementor-section-height-default wpr-particle-no wpr-jarallax-no wpr-parallax-no wpr-sticky-section-no wpr-equal-height-no\" data-id=\"3a46e93b\" data-element_type=\"section\" data-settings=\"{&quot;background_background&quot;:&quot;classic&quot;}\">\n\t\t\t\t\t\t\t<div class=\"elementor-background-overlay\"><\/div>\n\t\t\t\t\t\t\t<div class=\"elementor-container elementor-column-gap-default\">\n\t\t\t\t\t<div class=\"elementor-column elementor-col-100 elementor-top-column elementor-element elementor-element-2a8273e5\" data-id=\"2a8273e5\" data-element_type=\"column\">\n\t\t\t<div class=\"elementor-widget-wrap elementor-element-populated\">\n\t\t\t\t\t\t<section class=\"elementor-section elementor-inner-section elementor-element elementor-element-61992401 elementor-section-boxed elementor-section-height-default elementor-section-height-default wpr-particle-no wpr-jarallax-no wpr-parallax-no wpr-sticky-section-no wpr-equal-height-no\" data-id=\"61992401\" data-element_type=\"section\">\n\t\t\t\t\t\t<div class=\"elementor-container elementor-column-gap-default\">\n\t\t\t\t\t<div class=\"elementor-column elementor-col-50 elementor-inner-column elementor-element elementor-element-5068a129\" data-id=\"5068a129\" data-element_type=\"column\">\n\t\t\t<div class=\"elementor-widget-wrap\">\n\t\t\t\t\t\t\t<\/div>\n\t\t<\/div>\n\t\t\t\t<div class=\"elementor-column elementor-col-50 elementor-inner-column elementor-element elementor-element-464ed793\" data-id=\"464ed793\" data-element_type=\"column\" data-settings=\"{&quot;background_background&quot;:&quot;classic&quot;}\">\n\t\t\t<div class=\"elementor-widget-wrap elementor-element-populated\">\n\t\t\t\t\t\t<div class=\"elementor-element elementor-element-3577b0ad elementor-widget-divider--view-line elementor-widget elementor-widget-divider\" data-id=\"3577b0ad\" data-element_type=\"widget\" data-widget_type=\"divider.default\">\n\t\t\t\t<div class=\"elementor-widget-container\">\n\t\t\t\t\t<div class=\"elementor-divider\">\n\t\t\t<span class=\"elementor-divider-separator\">\n\t\t\t\t\t\t<\/span>\n\t\t<\/div>\n\t\t\t\t<\/div>\n\t\t\t\t<\/div>\n\t\t\t\t<div class=\"elementor-element elementor-element-fff2e7b elementor-widget elementor-widget-heading\" data-id=\"fff2e7b\" data-element_type=\"widget\" data-widget_type=\"heading.default\">\n\t\t\t\t<div class=\"elementor-widget-container\">\n\t\t\t<h2 class=\"elementor-heading-title elementor-size-default\">\"\u00c9\u00a0 vergonhoso o subtratamento da dor no paciente com c\u00e2ncer, que \u00e9 fruto, em parte, do desconhecimento dos tratamentos mais efetivos por parte da equipe m\u00e9dica em especial.\"<\/h2>\t\t<\/div>\n\t\t\t\t<\/div>\n\t\t\t\t<div class=\"elementor-element elementor-element-9682106 elementor-widget elementor-widget-text-editor\" data-id=\"9682106\" data-element_type=\"widget\" data-widget_type=\"text-editor.default\">\n\t\t\t\t<div class=\"elementor-widget-container\">\n\t\t\t\t\t\t\t<p>Segundo o Instituto Nacional do Ca\u0302ncer (INCA), houve mais de 728 mil casos novos de ca\u0302ncer no Brasil no ano de 2014.<\/p><p><span style=\"font-weight: 400;\">Os dados mostram que, excluindo os tumores de pele, o ca\u0302ncer de pro\u0301stata e\u0301 o mais comum entre os homens e o ca\u0302ncer de mama o mais comum entre as mulheres.<\/span><\/p><p><span style=\"font-weight: 400;\">A ocorre\u0302ncia de dores cro\u0302nicas em pacientes com ca\u0302ncer e\u0301 extremamente alta. Mais de 65% dos pacientes com ca\u0302ncer relatam dores cro\u0302nicas durante a doenc\u0327a, desses, 44% relatam dores de forte intensidade.<\/span><\/p><p><span style=\"font-weight: 400;\">Alguns tipos de ca\u0302ncer causam mais dores do que outros. Quase 95% dos pacientes com ca\u0302ncer de pa\u0302ncreas referem dores abdominais. Tumores osteomusculares e do sistema nervoso central tambe\u0301m sa\u0303o capazes de provocar dores cro\u0302nicas com muita freque\u0302ncia, o mesmo ocorrendo com tumores que produzem meta\u0301stases o\u0301sseas.<\/span><\/p>\t\t\t\t\t\t<\/div>\n\t\t\t\t<\/div>\n\t\t\t\t\t<\/div>\n\t\t<\/div>\n\t\t\t\t\t<\/div>\n\t\t<\/section>\n\t\t\t\t\t<\/div>\n\t\t<\/div>\n\t\t\t\t\t<\/div>\n\t\t<\/section>\n\t\t\t\t<section class=\"elementor-section elementor-top-section elementor-element elementor-element-1b907950 elementor-section-boxed elementor-section-height-default elementor-section-height-default wpr-particle-no wpr-jarallax-no wpr-parallax-no wpr-sticky-section-no wpr-equal-height-no\" data-id=\"1b907950\" data-element_type=\"section\">\n\t\t\t\t\t\t\t<div class=\"elementor-background-overlay\"><\/div>\n\t\t\t\t\t\t\t<div class=\"elementor-container elementor-column-gap-default\">\n\t\t\t\t\t<div class=\"elementor-column elementor-col-50 elementor-top-column elementor-element elementor-element-170ad9c9\" data-id=\"170ad9c9\" data-element_type=\"column\">\n\t\t\t<div class=\"elementor-widget-wrap elementor-element-populated\">\n\t\t\t\t\t\t<div class=\"elementor-element elementor-element-14dd9436 elementor-widget elementor-widget-image\" data-id=\"14dd9436\" data-element_type=\"widget\" data-widget_type=\"image.default\">\n\t\t\t\t<div class=\"elementor-widget-container\">\n\t\t\t\t\t\t\t\t\t\t\t\t\t<img fetchpriority=\"high\" decoding=\"async\" width=\"960\" height=\"640\" src=\"https:\/\/drandremansano.com.br\/wp-content\/uploads\/2021\/01\/dor-de-cancer-muita-dor-cancer-tratamentos-dor-cancer-1-1024x683.jpg\" class=\"attachment-large size-large wp-image-827\" alt=\"\" srcset=\"https:\/\/drandremansano.com.br\/wp-content\/uploads\/2021\/01\/dor-de-cancer-muita-dor-cancer-tratamentos-dor-cancer-1-1024x683.jpg 1024w, https:\/\/drandremansano.com.br\/wp-content\/uploads\/2021\/01\/dor-de-cancer-muita-dor-cancer-tratamentos-dor-cancer-1-300x200.jpg 300w, https:\/\/drandremansano.com.br\/wp-content\/uploads\/2021\/01\/dor-de-cancer-muita-dor-cancer-tratamentos-dor-cancer-1-768x512.jpg 768w, https:\/\/drandremansano.com.br\/wp-content\/uploads\/2021\/01\/dor-de-cancer-muita-dor-cancer-tratamentos-dor-cancer-1.jpg 1382w\" sizes=\"(max-width: 960px) 100vw, 960px\" \/>\t\t\t\t\t\t\t\t\t\t\t\t\t<\/div>\n\t\t\t\t<\/div>\n\t\t\t\t\t<\/div>\n\t\t<\/div>\n\t\t\t\t<div class=\"elementor-column elementor-col-50 elementor-top-column elementor-element elementor-element-2a37278\" data-id=\"2a37278\" data-element_type=\"column\">\n\t\t\t<div class=\"elementor-widget-wrap elementor-element-populated\">\n\t\t\t\t\t\t<div class=\"elementor-element elementor-element-57c92419 elementor-widget-divider--view-line elementor-widget elementor-widget-divider\" data-id=\"57c92419\" data-element_type=\"widget\" data-widget_type=\"divider.default\">\n\t\t\t\t<div class=\"elementor-widget-container\">\n\t\t\t\t\t<div class=\"elementor-divider\">\n\t\t\t<span class=\"elementor-divider-separator\">\n\t\t\t\t\t\t<\/span>\n\t\t<\/div>\n\t\t\t\t<\/div>\n\t\t\t\t<\/div>\n\t\t\t\t<div class=\"elementor-element elementor-element-2d4cc07a elementor-widget elementor-widget-heading\" data-id=\"2d4cc07a\" data-element_type=\"widget\" data-widget_type=\"heading.default\">\n\t\t\t\t<div class=\"elementor-widget-container\">\n\t\t\t<h2 class=\"elementor-heading-title elementor-size-default\">O que se sabe sobre \na dor no c\u00e2ncer?<\/h2>\t\t<\/div>\n\t\t\t\t<\/div>\n\t\t\t\t<div class=\"elementor-element elementor-element-1f320d13 elementor-widget elementor-widget-toggle\" data-id=\"1f320d13\" data-element_type=\"widget\" data-widget_type=\"toggle.default\">\n\t\t\t\t<div class=\"elementor-widget-container\">\n\t\t\t\t\t<div class=\"elementor-toggle\">\n\t\t\t\t\t\t\t<div class=\"elementor-toggle-item\">\n\t\t\t\t\t<div id=\"elementor-tab-title-5231\" class=\"elementor-tab-title\" data-tab=\"1\" role=\"button\" aria-controls=\"elementor-tab-content-5231\" aria-expanded=\"false\">\n\t\t\t\t\t\t\t\t\t\t\t\t<span class=\"elementor-toggle-icon elementor-toggle-icon-right\" aria-hidden=\"true\">\n\t\t\t\t\t\t\t\t\t\t\t\t\t\t\t<span class=\"elementor-toggle-icon-closed\"><i class=\"fas fa-plus-circle\"><\/i><\/span>\n\t\t\t\t\t\t\t\t<span class=\"elementor-toggle-icon-opened\"><i class=\"elementor-toggle-icon-opened fas fa-plus\"><\/i><\/span>\n\t\t\t\t\t\t\t\t\t\t\t\t\t<\/span>\n\t\t\t\t\t\t\t\t\t\t\t\t<a class=\"elementor-toggle-title\" tabindex=\"0\">As causas de dor no paciente com ca\u0302ncer<\/a>\n\t\t\t\t\t<\/div>\n\n\t\t\t\t\t<div id=\"elementor-tab-content-5231\" class=\"elementor-tab-content elementor-clearfix\" data-tab=\"1\" role=\"region\" aria-labelledby=\"elementor-tab-title-5231\"><p><span style=\"font-weight: 400;\">As dores em pacientes com ca\u0302ncer sa\u0303o frequentemente causadas por:\u00a0<\/span><\/p><ul><li style=\"font-weight: 400;\" aria-level=\"1\"><span style=\"font-weight: 400;\">Invasa\u0303o do tumor nos tecidos<\/span><\/li><li style=\"font-weight: 400;\" aria-level=\"1\"><span style=\"font-weight: 400;\">Procedimentos ciru\u0301rgicos<\/span><\/li><li style=\"font-weight: 400;\" aria-level=\"1\"><span style=\"font-weight: 400;\">Quimioterapia<\/span><\/li><li style=\"font-weight: 400;\" aria-level=\"1\"><span style=\"font-weight: 400;\">Radioterapia meta\u0301stases o\u0301sseas<\/span><\/li><\/ul><\/div>\n\t\t\t\t<\/div>\n\t\t\t\t\t\t\t<div class=\"elementor-toggle-item\">\n\t\t\t\t\t<div id=\"elementor-tab-title-5232\" class=\"elementor-tab-title\" data-tab=\"2\" role=\"button\" aria-controls=\"elementor-tab-content-5232\" aria-expanded=\"false\">\n\t\t\t\t\t\t\t\t\t\t\t\t<span class=\"elementor-toggle-icon elementor-toggle-icon-right\" aria-hidden=\"true\">\n\t\t\t\t\t\t\t\t\t\t\t\t\t\t\t<span class=\"elementor-toggle-icon-closed\"><i class=\"fas fa-plus-circle\"><\/i><\/span>\n\t\t\t\t\t\t\t\t<span class=\"elementor-toggle-icon-opened\"><i class=\"elementor-toggle-icon-opened fas fa-plus\"><\/i><\/span>\n\t\t\t\t\t\t\t\t\t\t\t\t\t<\/span>\n\t\t\t\t\t\t\t\t\t\t\t\t<a class=\"elementor-toggle-title\" tabindex=\"0\">O subtratamento da dor no ca\u0302ncer<\/a>\n\t\t\t\t\t<\/div>\n\n\t\t\t\t\t<div id=\"elementor-tab-content-5232\" class=\"elementor-tab-content elementor-clearfix\" data-tab=\"2\" role=\"region\" aria-labelledby=\"elementor-tab-title-5232\"><p><span style=\"font-weight: 400;\">Va\u0301rios estudos mostram que de 30 a 50% dos pacientes com ca\u0302ncer te\u0302m suas dores \u201csubtratadas\u201d. Va\u0301rios motivos levam a isso, entre eles:<\/span><\/p>\n<ul>\n<li style=\"font-weight: 400;\" aria-level=\"1\"><span style=\"font-weight: 400;\">a ide\u0301ia de que as dores sa\u0303o algo esperado no paciente com ca\u0302ncer<\/span><\/li>\n<li style=\"font-weight: 400;\" aria-level=\"1\"><span style=\"font-weight: 400;\">foco natural no tratamento do ca\u0302ncer (quimioterapia ou radioterapia). Inseguranc\u0327a de alguns cli\u0301nicos em prescrever analge\u0301sicos mais fortes<\/span><\/li>\n<li style=\"font-weight: 400;\" aria-level=\"1\"><span style=\"font-weight: 400;\">erro diagno\u0301stico (nem toda dor em pacientes com ca\u0302ncer adve\u0301m do ca\u0302ncer). Baixa taxa de encaminhamento para o especialista em dor<br><br><\/span><\/li>\n<\/ul>\n<p><span style=\"font-weight: 400;\">Apenas 3% dos pacientes com dores relacionadas ao ca\u0302ncer sa\u0303o atendidos por especialistas em dor. Frequentemente, os pacientes oncol\u00f3gicos que possuem dores s\u00e3o tratados por Oncologistas, Cl\u00ednicos e Cirurgi\u00f5es Gerais. \u00c9 imprescind\u00edvel que o paciente Oncol\u00f3gico tenha suas dores tratadas de forma efetiva.<\/span><\/p><\/div>\n\t\t\t\t<\/div>\n\t\t\t\t\t\t\t<div class=\"elementor-toggle-item\">\n\t\t\t\t\t<div id=\"elementor-tab-title-5233\" class=\"elementor-tab-title\" data-tab=\"3\" role=\"button\" aria-controls=\"elementor-tab-content-5233\" aria-expanded=\"false\">\n\t\t\t\t\t\t\t\t\t\t\t\t<span class=\"elementor-toggle-icon elementor-toggle-icon-right\" aria-hidden=\"true\">\n\t\t\t\t\t\t\t\t\t\t\t\t\t\t\t<span class=\"elementor-toggle-icon-closed\"><i class=\"fas fa-plus-circle\"><\/i><\/span>\n\t\t\t\t\t\t\t\t<span class=\"elementor-toggle-icon-opened\"><i class=\"elementor-toggle-icon-opened fas fa-plus\"><\/i><\/span>\n\t\t\t\t\t\t\t\t\t\t\t\t\t<\/span>\n\t\t\t\t\t\t\t\t\t\t\t\t<a class=\"elementor-toggle-title\" tabindex=\"0\">Medicina Intervencionista para tratamento das dores do c\u00e2ncer<\/a>\n\t\t\t\t\t<\/div>\n\n\t\t\t\t\t<div id=\"elementor-tab-content-5233\" class=\"elementor-tab-content elementor-clearfix\" data-tab=\"3\" role=\"region\" aria-labelledby=\"elementor-tab-title-5233\"><p><span style=\"font-weight: 400;\">A Medicina Intervencionista da Dor e\u0301 uma a\u0301rea de atuac\u0327a\u0303o me\u0301dica que visa realizar diagno\u0301sticos e tratamentos, em pacientes com dores cro\u0302nicas, atrave\u0301s de procedimentos minimamente invasivos. Ela pode auxiliar significativamente o controle das dores de pacientes com ca\u0302ncer.<\/span><\/p><p><span style=\"font-weight: 400;\">Nos casos em que as dores sejam de difi\u0301cil controle com medicamentos ou naqueles casos onde os efeitos colaterais dos medicamentos sejam muito importantes, podemos usar te\u0301cnicas para abolir a inervac\u0327a\u0303o do o\u0301rga\u0303o afetado (atrave\u0301s da aplicac\u0327a\u0303o de uma corrente de radiofreque\u0302ncia no nervo, por exemplo, ou atrave\u0301s da infusa\u0303o de fa\u0301rmacos diretamente na coluna, atrave\u0301s do que chamamos de \u201c<a href=\"https:\/\/ligadonanet.com.br\/nossacasa\/?page_id=1063\">Bomba de infusa\u0303o de fa\u0301rmacos<\/a>\u201d.<\/span><\/p><\/div>\n\t\t\t\t<\/div>\n\t\t\t\t\t\t\t\t<\/div>\n\t\t\t\t<\/div>\n\t\t\t\t<\/div>\n\t\t\t\t<div class=\"elementor-element elementor-element-5045d28 elementor-widget elementor-widget-toggle\" data-id=\"5045d28\" data-element_type=\"widget\" data-widget_type=\"toggle.default\">\n\t\t\t\t<div class=\"elementor-widget-container\">\n\t\t\t\t\t<div class=\"elementor-toggle\">\n\t\t\t\t\t\t\t<div class=\"elementor-toggle-item\">\n\t\t\t\t\t<div id=\"elementor-tab-title-8411\" class=\"elementor-tab-title\" data-tab=\"1\" role=\"button\" aria-controls=\"elementor-tab-content-8411\" aria-expanded=\"false\">\n\t\t\t\t\t\t\t\t\t\t\t\t<span class=\"elementor-toggle-icon elementor-toggle-icon-right\" aria-hidden=\"true\">\n\t\t\t\t\t\t\t\t\t\t\t\t\t\t\t<span class=\"elementor-toggle-icon-closed\"><i class=\"fas fa-plus-circle\"><\/i><\/span>\n\t\t\t\t\t\t\t\t<span class=\"elementor-toggle-icon-opened\"><i class=\"elementor-toggle-icon-opened fas fa-plus\"><\/i><\/span>\n\t\t\t\t\t\t\t\t\t\t\t\t\t<\/span>\n\t\t\t\t\t\t\t\t\t\t\t\t<a class=\"elementor-toggle-title\" tabindex=\"0\">O USO RADIOFREQUE\u0302NCIA NO TRATAMENTO DA DOR DO C\u00c2NCER\u200b<\/a>\n\t\t\t\t\t<\/div>\n\n\t\t\t\t\t<div id=\"elementor-tab-content-8411\" class=\"elementor-tab-content elementor-clearfix\" data-tab=\"1\" role=\"region\" aria-labelledby=\"elementor-tab-title-8411\"><p>Como dito anteriormente, 93% dos pacientes com ca\u0302ncer de pa\u0302ncreas (como por exemplo, o ca\u0302ncer do Steve Jobs) tem dores abdominais, muitos deles de difi\u0301cil controle.<\/p><p>A radiofreque\u0302ncia dos nervos espla\u0302ncnicos e\u0301 uma excelente te\u0301cnica para controlar a dor nesses pacientes.<\/p><p>O procedimento consiste em colocar duas agulhas especi\u0301ficas ao lado de cada nervo espla\u0302ncnico (nervos responsa\u0301veis pela inervac\u0327a\u0303o sensitiva de alguns o\u0301rga\u0303o abdominais). Um eletrodo e\u0301 colocado por dentro da agulha e ligado a um gerador que emite uma corrente de radiofreque\u0302ncia. A radiofreque\u0302ncia inativa o nervo, o que causa o ali\u0301vio da dor do paciente. O procedimento e\u0301 guiado por uma ma\u0301quina especial de raio-x e e\u0301 feito sob sedac\u0327a\u0303o, sem cortes. O paciente tem alta no mesmo dia.<\/p><p>Um estudo avaliou a efica\u0301cia da radiofreque\u0302ncia no tratamento das dores originadas pelo ca\u0302ncer de pa\u0302ncreas. As dores que, tinha nota 9 (de uma escala de 0 a 10, onde 10 e\u0301 a maior dor possi\u0301vel) e cai\u0301ram para 0,25 depois do procedimento.<\/p><p><img decoding=\"async\" src=\"https:\/\/drandremansano.com.br\/wp-content\/uploads\/2021\/01\/dor-no-cancer.png\" \/>\u00a0<\/p><p>Outro estudo muito interessante percebeu que, pacientes que foram submetidos a\u0300 denervac\u0327a\u0303o do pa\u0302ncreas na\u0303o so\u0301 viveram melhor, com menos dor e mais qualidade de vida, como viveram por MAIS TEMPO. Isso provavelmente se da\u0301 porque inibindo a dor, podemos prevenir uma se\u0301rie de complicac\u0327o\u0303es cli\u0301nicas decorrentes da pro\u0301pria dor.<\/p><\/div>\n\t\t\t\t<\/div>\n\t\t\t\t\t\t\t<div class=\"elementor-toggle-item\">\n\t\t\t\t\t<div id=\"elementor-tab-title-8412\" class=\"elementor-tab-title\" data-tab=\"2\" role=\"button\" aria-controls=\"elementor-tab-content-8412\" aria-expanded=\"false\">\n\t\t\t\t\t\t\t\t\t\t\t\t<span class=\"elementor-toggle-icon elementor-toggle-icon-right\" aria-hidden=\"true\">\n\t\t\t\t\t\t\t\t\t\t\t\t\t\t\t<span class=\"elementor-toggle-icon-closed\"><i class=\"fas fa-plus-circle\"><\/i><\/span>\n\t\t\t\t\t\t\t\t<span class=\"elementor-toggle-icon-opened\"><i class=\"elementor-toggle-icon-opened fas fa-plus\"><\/i><\/span>\n\t\t\t\t\t\t\t\t\t\t\t\t\t<\/span>\n\t\t\t\t\t\t\t\t\t\t\t\t<a class=\"elementor-toggle-title\" tabindex=\"0\">A BOMBA DE INFUSA\u0303O INTRATECAL DE FA\u0301RMACOS DO TRATAMENTO DA DOR DO C\u00c2NCER<\/a>\n\t\t\t\t\t<\/div>\n\n\t\t\t\t\t<div id=\"elementor-tab-content-8412\" class=\"elementor-tab-content elementor-clearfix\" data-tab=\"2\" role=\"region\" aria-labelledby=\"elementor-tab-title-8412\"><p>A bomba de infusa\u0303o de fa\u0301rmacos intratecais e\u0301 um recurso extremamente moderno e sofisticado para o controle de dores antes intrata\u0301veis. O me\u0301todo consiste em colocar um cateter no espac\u0327o intratecal (o mesmo espac\u0327o da coluna onde se faz a anestesia de gestantes). Esse cateter e\u0301 ligado a uma bomba computadorizada que fica sob a pele do paciente (como um marcapasso). A bomba automaticamente infunde medicamentos ao redor da medula do paciente, levando a um grande ali\u0301vio da dor.<\/p><p><img decoding=\"async\" src=\"https:\/\/drandremansano.com.br\/wp-content\/uploads\/2021\/01\/dor-no-cancer-0013.png\" \/><\/p><p>Um estudo comparou o uso dessa bomba com a analgesia convencional (via oral) em 202 pacientes com ca\u0302ncer terminal. O grupo que utilizou a bomba de fa\u0301rmacos na\u0303o so\u0301 apresentou menores ni\u0301veis de dor como tiverem maior tempo de vida.<\/p><p>Veja quais s\u00e3o os tipos de dor no c\u00e2ncer mais comuns:<\/p><ul><li>Dor no C\u00e2ncer de mama<\/li><li>Dor no C\u00e2ncer de p\u00e2ncreas<\/li><li>Dor no C\u00e2ncer de pulm\u00e3o<\/li><li>Dor no C\u00e2ncer de est\u00f4mago<\/li><li>Dor no C\u00e2ncer metast\u00e1tico<\/li><\/ul><\/div>\n\t\t\t\t<\/div>\n\t\t\t\t\t\t\t\t<\/div>\n\t\t\t\t<\/div>\n\t\t\t\t<\/div>\n\t\t\t\t\t<\/div>\n\t\t<\/div>\n\t\t\t\t\t<\/div>\n\t\t<\/section>\n\t\t\t\t<\/div>\n\t\t","protected":false},"excerpt":{"rendered":"<p>Dor do c\u00e2ncer &#8220;\u00c9\u00a0 vergonhoso o subtratamento da dor no paciente com c\u00e2ncer, que \u00e9 fruto, em parte, do desconhecimento dos tratamentos mais efetivos por parte da equipe m\u00e9dica em especial.&#8221; Segundo o Instituto Nacional do Ca\u0302ncer (INCA), houve mais de 728 mil casos novos de ca\u0302ncer no Brasil no ano de 2014. Os dados mostram que, excluindo os tumores de pele, o ca\u0302ncer de pro\u0301stata e\u0301 o mais comum entre os homens e o ca\u0302ncer de mama o mais comum entre as mulheres. A ocorre\u0302ncia de dores cro\u0302nicas em pacientes com ca\u0302ncer e\u0301 extremamente alta. Mais de 65% dos pacientes com ca\u0302ncer relatam dores cro\u0302nicas durante a doenc\u0327a, desses, 44% relatam dores de forte intensidade. Alguns tipos de ca\u0302ncer causam mais dores do que outros. Quase 95% dos pacientes com ca\u0302ncer de pa\u0302ncreas referem dores abdominais. Tumores osteomusculares e do sistema nervoso central tambe\u0301m sa\u0303o capazes de provocar dores cro\u0302nicas com muita freque\u0302ncia, o mesmo ocorrendo com tumores que produzem meta\u0301stases o\u0301sseas. O que se sabe sobre a dor no c\u00e2ncer? As causas de dor no paciente com ca\u0302ncer As dores em pacientes com ca\u0302ncer sa\u0303o frequentemente causadas por:\u00a0 Invasa\u0303o do tumor nos tecidos Procedimentos ciru\u0301rgicos Quimioterapia Radioterapia meta\u0301stases o\u0301sseas O subtratamento da dor no ca\u0302ncer Va\u0301rios estudos mostram que de 30 a 50% dos pacientes com ca\u0302ncer te\u0302m suas dores \u201csubtratadas\u201d. Va\u0301rios motivos levam a isso, entre eles: a ide\u0301ia de que as dores sa\u0303o algo esperado no paciente com ca\u0302ncer foco natural no tratamento do ca\u0302ncer (quimioterapia ou radioterapia). Inseguranc\u0327a de alguns cli\u0301nicos em prescrever analge\u0301sicos mais fortes erro diagno\u0301stico (nem toda dor em pacientes com ca\u0302ncer adve\u0301m do ca\u0302ncer). Baixa taxa de encaminhamento para o especialista em dor Apenas 3% dos pacientes com dores relacionadas ao ca\u0302ncer sa\u0303o atendidos por especialistas em dor. Frequentemente, os pacientes oncol\u00f3gicos que possuem dores s\u00e3o tratados por Oncologistas, Cl\u00ednicos e Cirurgi\u00f5es Gerais. \u00c9 imprescind\u00edvel que o paciente Oncol\u00f3gico tenha suas dores tratadas de forma efetiva. Medicina Intervencionista para tratamento das dores do c\u00e2ncer A Medicina Intervencionista da Dor e\u0301 uma a\u0301rea de atuac\u0327a\u0303o me\u0301dica que visa realizar diagno\u0301sticos e tratamentos, em pacientes com dores cro\u0302nicas, atrave\u0301s de procedimentos minimamente invasivos. Ela pode auxiliar significativamente o controle das dores de pacientes com ca\u0302ncer. Nos casos em que as dores sejam de difi\u0301cil controle com medicamentos ou naqueles casos onde os efeitos colaterais dos medicamentos sejam muito importantes, podemos usar te\u0301cnicas para abolir a inervac\u0327a\u0303o do o\u0301rga\u0303o afetado (atrave\u0301s da aplicac\u0327a\u0303o de uma corrente de radiofreque\u0302ncia no nervo, por exemplo, ou atrave\u0301s da infusa\u0303o de fa\u0301rmacos diretamente na coluna, atrave\u0301s do que chamamos de \u201cBomba de infusa\u0303o de fa\u0301rmacos\u201d. O USO RADIOFREQUE\u0302NCIA NO TRATAMENTO DA DOR DO C\u00c2NCER\u200b Como dito anteriormente, 93% dos pacientes com ca\u0302ncer de pa\u0302ncreas (como por exemplo, o ca\u0302ncer do Steve Jobs) tem dores abdominais, muitos deles de difi\u0301cil controle. A radiofreque\u0302ncia dos nervos espla\u0302ncnicos e\u0301 uma excelente te\u0301cnica para controlar a dor nesses pacientes. O procedimento consiste em colocar duas agulhas especi\u0301ficas ao lado de cada nervo espla\u0302ncnico (nervos responsa\u0301veis pela inervac\u0327a\u0303o sensitiva de alguns o\u0301rga\u0303o abdominais). Um eletrodo e\u0301 colocado por dentro da agulha e ligado a um gerador que emite uma corrente de radiofreque\u0302ncia. A radiofreque\u0302ncia inativa o nervo, o que causa o ali\u0301vio da dor do paciente. O procedimento e\u0301 guiado por uma ma\u0301quina especial de raio-x e e\u0301 feito sob sedac\u0327a\u0303o, sem cortes. O paciente tem alta no mesmo dia. Um estudo avaliou a efica\u0301cia da radiofreque\u0302ncia no tratamento das dores originadas pelo ca\u0302ncer de pa\u0302ncreas. As dores que, tinha nota 9 (de uma escala de 0 a 10, onde 10 e\u0301 a maior dor possi\u0301vel) e cai\u0301ram para 0,25 depois do procedimento. \u00a0 Outro estudo muito interessante percebeu que, pacientes que foram submetidos a\u0300 denervac\u0327a\u0303o do pa\u0302ncreas na\u0303o so\u0301 viveram melhor, com menos dor e mais qualidade de vida, como viveram por MAIS TEMPO. Isso provavelmente se da\u0301 porque inibindo a dor, podemos prevenir uma se\u0301rie de complicac\u0327o\u0303es cli\u0301nicas decorrentes da pro\u0301pria dor. A BOMBA DE INFUSA\u0303O INTRATECAL DE FA\u0301RMACOS DO TRATAMENTO DA DOR DO C\u00c2NCER A bomba de infusa\u0303o de fa\u0301rmacos intratecais e\u0301 um recurso extremamente moderno e sofisticado para o controle de dores antes intrata\u0301veis. O me\u0301todo consiste em colocar um cateter no espac\u0327o intratecal (o mesmo espac\u0327o da coluna onde se faz a anestesia de gestantes). Esse cateter e\u0301 ligado a uma bomba computadorizada que fica sob a pele do paciente (como um marcapasso). A bomba automaticamente infunde medicamentos ao redor da medula do paciente, levando a um grande ali\u0301vio da dor. Um estudo comparou o uso dessa bomba com a analgesia convencional (via oral) em 202 pacientes com ca\u0302ncer terminal. O grupo que utilizou a bomba de fa\u0301rmacos na\u0303o so\u0301 apresentou menores ni\u0301veis de dor como tiverem maior tempo de vida. Veja quais s\u00e3o os tipos de dor no c\u00e2ncer mais comuns: Dor no C\u00e2ncer de mama Dor no C\u00e2ncer de p\u00e2ncreas Dor no C\u00e2ncer de pulm\u00e3o Dor no C\u00e2ncer de est\u00f4mago Dor no C\u00e2ncer metast\u00e1tico<\/p>\n","protected":false},"author":1,"featured_media":0,"parent":0,"menu_order":0,"comment_status":"closed","ping_status":"closed","template":"elementor_header_footer","meta":{"_joinchat":[],"footnotes":""},"class_list":["post-498","page","type-page","status-publish","hentry"],"_links":{"self":[{"href":"https:\/\/drandremansano.com.br\/index.php\/wp-json\/wp\/v2\/pages\/498"}],"collection":[{"href":"https:\/\/drandremansano.com.br\/index.php\/wp-json\/wp\/v2\/pages"}],"about":[{"href":"https:\/\/drandremansano.com.br\/index.php\/wp-json\/wp\/v2\/types\/page"}],"author":[{"embeddable":true,"href":"https:\/\/drandremansano.com.br\/index.php\/wp-json\/wp\/v2\/users\/1"}],"replies":[{"embeddable":true,"href":"https:\/\/drandremansano.com.br\/index.php\/wp-json\/wp\/v2\/comments?post=498"}],"version-history":[{"count":0,"href":"https:\/\/drandremansano.com.br\/index.php\/wp-json\/wp\/v2\/pages\/498\/revisions"}],"wp:attachment":[{"href":"https:\/\/drandremansano.com.br\/index.php\/wp-json\/wp\/v2\/media?parent=498"}],"curies":[{"name":"wp","href":"https:\/\/api.w.org\/{rel}","templated":true}]}}