{"id":1634,"date":"2021-02-05T01:23:33","date_gmt":"2021-02-05T01:23:33","guid":{"rendered":"https:\/\/novo2.drandremansano.com.br\/dor-lombar-copy\/"},"modified":"2021-02-05T01:23:33","modified_gmt":"2021-02-05T01:23:33","slug":"a-dor","status":"publish","type":"page","link":"https:\/\/drandremansano.com.br\/index.php\/a-dor\/","title":{"rendered":"A Dor"},"content":{"rendered":"\t\t<div data-elementor-type=\"wp-page\" data-elementor-id=\"1634\" class=\"elementor elementor-1634\">\n\t\t\t\t\t\t<section class=\"elementor-section elementor-top-section elementor-element elementor-element-3131c251 elementor-section-boxed elementor-section-height-default elementor-section-height-default wpr-particle-no wpr-jarallax-no wpr-parallax-no wpr-sticky-section-no wpr-equal-height-no\" data-id=\"3131c251\" data-element_type=\"section\" data-settings=\"{&quot;background_background&quot;:&quot;classic&quot;}\">\n\t\t\t\t\t\t<div class=\"elementor-container elementor-column-gap-default\">\n\t\t\t\t\t<div class=\"elementor-column elementor-col-50 elementor-top-column elementor-element elementor-element-3a1b709a\" data-id=\"3a1b709a\" data-element_type=\"column\">\n\t\t\t<div class=\"elementor-widget-wrap elementor-element-populated\">\n\t\t\t\t\t\t<div class=\"elementor-element elementor-element-15502c96 elementor-widget elementor-widget-image\" data-id=\"15502c96\" data-element_type=\"widget\" data-widget_type=\"image.default\">\n\t\t\t\t<div class=\"elementor-widget-container\">\n\t\t\t\t\t\t\t\t\t\t\t\t\t<img decoding=\"async\" width=\"79\" height=\"82\" src=\"https:\/\/drandremansano.com.br\/wp-content\/uploads\/2021\/02\/a-dor-1.png\" class=\"attachment-large size-large wp-image-1643\" alt=\"\" \/>\t\t\t\t\t\t\t\t\t\t\t\t\t<\/div>\n\t\t\t\t<\/div>\n\t\t\t\t\t<\/div>\n\t\t<\/div>\n\t\t\t\t<div class=\"elementor-column elementor-col-50 elementor-top-column elementor-element elementor-element-4b86adda\" data-id=\"4b86adda\" data-element_type=\"column\">\n\t\t\t<div class=\"elementor-widget-wrap elementor-element-populated\">\n\t\t\t\t\t\t<div class=\"elementor-element elementor-element-7e85a8ba elementor-widget elementor-widget-heading\" data-id=\"7e85a8ba\" data-element_type=\"widget\" data-widget_type=\"heading.default\">\n\t\t\t\t<div class=\"elementor-widget-container\">\n\t\t\t<h2 class=\"elementor-heading-title elementor-size-default\">\nA DOR<\/h2>\t\t<\/div>\n\t\t\t\t<\/div>\n\t\t\t\t\t<\/div>\n\t\t<\/div>\n\t\t\t\t\t<\/div>\n\t\t<\/section>\n\t\t\t\t<section class=\"elementor-section elementor-top-section elementor-element elementor-element-67e77dd elementor-section-boxed elementor-section-height-default elementor-section-height-default wpr-particle-no wpr-jarallax-no wpr-parallax-no wpr-sticky-section-no wpr-equal-height-no\" data-id=\"67e77dd\" data-element_type=\"section\" data-settings=\"{&quot;background_background&quot;:&quot;classic&quot;}\">\n\t\t\t\t\t\t<div class=\"elementor-container elementor-column-gap-default\">\n\t\t\t\t\t<div class=\"elementor-column elementor-col-100 elementor-top-column elementor-element elementor-element-249d4980\" data-id=\"249d4980\" data-element_type=\"column\">\n\t\t\t<div class=\"elementor-widget-wrap elementor-element-populated\">\n\t\t\t\t\t\t<section class=\"elementor-section elementor-inner-section elementor-element elementor-element-6dad00d8 elementor-section-boxed elementor-section-height-default elementor-section-height-default wpr-particle-no wpr-jarallax-no wpr-parallax-no wpr-sticky-section-no wpr-equal-height-no\" data-id=\"6dad00d8\" data-element_type=\"section\">\n\t\t\t\t\t\t<div class=\"elementor-container elementor-column-gap-default\">\n\t\t\t\t\t<div class=\"elementor-column elementor-col-50 elementor-inner-column elementor-element elementor-element-65fcecc7\" data-id=\"65fcecc7\" data-element_type=\"column\">\n\t\t\t<div class=\"elementor-widget-wrap\">\n\t\t\t\t\t\t\t<\/div>\n\t\t<\/div>\n\t\t\t\t<div class=\"elementor-column elementor-col-50 elementor-inner-column elementor-element elementor-element-618440b\" data-id=\"618440b\" data-element_type=\"column\" data-settings=\"{&quot;background_background&quot;:&quot;classic&quot;}\">\n\t\t\t<div class=\"elementor-widget-wrap elementor-element-populated\">\n\t\t\t\t\t\t<div class=\"elementor-element elementor-element-43b1fb7a elementor-widget-divider--view-line elementor-widget elementor-widget-divider\" data-id=\"43b1fb7a\" data-element_type=\"widget\" data-widget_type=\"divider.default\">\n\t\t\t\t<div class=\"elementor-widget-container\">\n\t\t\t\t\t<div class=\"elementor-divider\">\n\t\t\t<span class=\"elementor-divider-separator\">\n\t\t\t\t\t\t<\/span>\n\t\t<\/div>\n\t\t\t\t<\/div>\n\t\t\t\t<\/div>\n\t\t\t\t<div class=\"elementor-element elementor-element-87714a0 elementor-widget elementor-widget-text-editor\" data-id=\"87714a0\" data-element_type=\"widget\" data-widget_type=\"text-editor.default\">\n\t\t\t\t<div class=\"elementor-widget-container\">\n\t\t\t\t\t\t\t<p>Dor, segundo a Associac\u0327a\u0303o Internacional para o Estudo a Dor, e\u0301 uma experie\u0302ncia sensitiva e emocional desagrada\u0301vel, associada a uma lesa\u0303o tecidual atual, potencial, ou descrita em termos de tal lesa\u0303o. A dor e\u0301, portanto, uma das principais de causas sofrimento fi\u0301sico experimentadas pelo ser humano. Aristo\u0301teles (384 a.C. \u2013 322 a.C.) dizia que \u201co sa\u0301bio na\u0303o e\u0301 aquele que procura o prazer, e\u0301 aquele que evita a dor\u201d.<\/p>\n<p>Se perguntarmos para algue\u0301m se essa pessoa gostaria de nunca sentir dor, e\u0301 quase certo que receberi\u0301amos uma resposta positiva, afinal ningue\u0301m, ou quase ningue\u0301m, gosta de sentir dor. Pore\u0301m, sabemos que a capacidade de sentir dor e\u0301 algo fundamental para a sobrevive\u0302ncia de qualquer espe\u0301cie animal. A presenc\u0327a da dor sinaliza que algo esta\u0301 errado. No caso dos animais, isso gera um comportamento protetor (ex. fugir de um predador). No caso dos seres humanos, ale\u0301m de gerar um comportamento protetor, nos leva a procurar ajuda (ex. ir ao me\u0301dico).<\/p>\n<p>Existe uma rara doenc\u0327a onde os pacientes na\u0303o sa\u0303o capazes de sentir dor. E\u0301 a chamada \u201cInsensibilidade Conge\u0302nita a\u0300 Dor\u201d, resultante de uma mutac\u0327a\u0303o gene\u0301tica. Esses pacientes esta\u0303o sujeitos a traumas e leso\u0303es constantes, na\u0303o raro quebram algum membro sem que isso incomode por exemplo. Abaixo pode-se ter uma ide\u0301ia das repercusso\u0303es da doenc\u0327a assistindo ao depoimento de um paciente americano com o problema.<\/p>\t\t\t\t\t\t<\/div>\n\t\t\t\t<\/div>\n\t\t\t\t\t<\/div>\n\t\t<\/div>\n\t\t\t\t\t<\/div>\n\t\t<\/section>\n\t\t\t\t\t<\/div>\n\t\t<\/div>\n\t\t\t\t\t<\/div>\n\t\t<\/section>\n\t\t\t\t<section class=\"elementor-section elementor-top-section elementor-element elementor-element-27ff7807 elementor-section-boxed elementor-section-height-default elementor-section-height-default wpr-particle-no wpr-jarallax-no wpr-parallax-no wpr-sticky-section-no wpr-equal-height-no\" data-id=\"27ff7807\" data-element_type=\"section\">\n\t\t\t\t\t\t\t<div class=\"elementor-background-overlay\"><\/div>\n\t\t\t\t\t\t\t<div class=\"elementor-container elementor-column-gap-default\">\n\t\t\t\t\t<div class=\"elementor-column elementor-col-50 elementor-top-column elementor-element elementor-element-3c652172\" data-id=\"3c652172\" data-element_type=\"column\">\n\t\t\t<div class=\"elementor-widget-wrap elementor-element-populated\">\n\t\t\t\t\t\t<div class=\"elementor-element elementor-element-43726185 elementor-widget elementor-widget-image\" data-id=\"43726185\" data-element_type=\"widget\" data-widget_type=\"image.default\">\n\t\t\t\t<div class=\"elementor-widget-container\">\n\t\t\t\t\t\t\t\t\t\t\t\t\t<img fetchpriority=\"high\" decoding=\"async\" width=\"655\" height=\"811\" src=\"https:\/\/drandremansano.com.br\/wp-content\/uploads\/2021\/02\/como-tratar-dor-cronica.jpg\" class=\"attachment-large size-large wp-image-1651\" alt=\"\" srcset=\"https:\/\/drandremansano.com.br\/wp-content\/uploads\/2021\/02\/como-tratar-dor-cronica.jpg 655w, https:\/\/drandremansano.com.br\/wp-content\/uploads\/2021\/02\/como-tratar-dor-cronica-242x300.jpg 242w\" sizes=\"(max-width: 655px) 100vw, 655px\" \/>\t\t\t\t\t\t\t\t\t\t\t\t\t<\/div>\n\t\t\t\t<\/div>\n\t\t\t\t\t<\/div>\n\t\t<\/div>\n\t\t\t\t<div class=\"elementor-column elementor-col-50 elementor-top-column elementor-element elementor-element-e105ce7\" data-id=\"e105ce7\" data-element_type=\"column\">\n\t\t\t<div class=\"elementor-widget-wrap elementor-element-populated\">\n\t\t\t\t\t\t<div class=\"elementor-element elementor-element-f480a93 elementor-widget-divider--view-line elementor-widget elementor-widget-divider\" data-id=\"f480a93\" data-element_type=\"widget\" data-widget_type=\"divider.default\">\n\t\t\t\t<div class=\"elementor-widget-container\">\n\t\t\t\t\t<div class=\"elementor-divider\">\n\t\t\t<span class=\"elementor-divider-separator\">\n\t\t\t\t\t\t<\/span>\n\t\t<\/div>\n\t\t\t\t<\/div>\n\t\t\t\t<\/div>\n\t\t\t\t<div class=\"elementor-element elementor-element-1b36baa7 elementor-widget elementor-widget-toggle\" data-id=\"1b36baa7\" data-element_type=\"widget\" data-widget_type=\"toggle.default\">\n\t\t\t\t<div class=\"elementor-widget-container\">\n\t\t\t\t\t<div class=\"elementor-toggle\">\n\t\t\t\t\t\t\t<div class=\"elementor-toggle-item\">\n\t\t\t\t\t<div id=\"elementor-tab-title-4561\" class=\"elementor-tab-title\" data-tab=\"1\" role=\"button\" aria-controls=\"elementor-tab-content-4561\" aria-expanded=\"false\">\n\t\t\t\t\t\t\t\t\t\t\t\t<span class=\"elementor-toggle-icon elementor-toggle-icon-right\" aria-hidden=\"true\">\n\t\t\t\t\t\t\t\t\t\t\t\t\t\t\t<span class=\"elementor-toggle-icon-closed\"><i class=\"fas fa-plus-circle\"><\/i><\/span>\n\t\t\t\t\t\t\t\t<span class=\"elementor-toggle-icon-opened\"><i class=\"elementor-toggle-icon-opened fas fa-plus\"><\/i><\/span>\n\t\t\t\t\t\t\t\t\t\t\t\t\t<\/span>\n\t\t\t\t\t\t\t\t\t\t\t\t<a class=\"elementor-toggle-title\" tabindex=\"0\">Quais sa\u0303o as dores cro\u0302nicas mais comuns?<\/a>\n\t\t\t\t\t<\/div>\n\n\t\t\t\t\t<div id=\"elementor-tab-content-4561\" class=\"elementor-tab-content elementor-clearfix\" data-tab=\"1\" role=\"region\" aria-labelledby=\"elementor-tab-title-4561\"><div class=\"elementor-element elementor-element-76a115de elementor-widget-divider--view-line elementor-widget elementor-widget-divider\" data-id=\"76a115de\" data-element_type=\"widget\" data-widget_type=\"divider.default\"><div class=\"elementor-widget-container\"><div class=\"elementor-divider\">As dores lombares s\u00e3o as dores cr\u00f4nicas mais comuns na atualidade. Fruto da mudan\u00e7a do estilo de vida, com aumento da obesidade e do sedentarismo, houve um acr\u00e9scimo na incid\u00eancia de dores lombares cr\u00f4nicas de 4% para 10% nas \u00faltimas d\u00e9cadas.<\/div><div><p>Um estudo patrocinado pela Funda\u00e7\u00e3o Bill e Melinda Gates avaliou o impacto de diversas doen\u00e7as nas popula\u00e7\u00f5es de 188 pa\u00edses.<\/p><p>Os pesquisadores conclu\u00edram que a\u00a0<strong><a href=\"https:\/\/ligadonanet.com.br\/nossacasa\/?page_id=372\" data-type=\"page\" data-id=\"372\">dor lombar<\/a>\u00a0<\/strong>cr\u00f4nica \u00e9 o problema de sa\u00fade que mais causa incapacidade no ser humano.<\/p><p><strong><a href=\"https:\/\/ligadonanet.com.br\/nossacasa\/?page_id=375\" data-type=\"page\" data-id=\"375\">As dores de cabe\u00e7a<\/a>\u00a0<\/strong>e\u00a0<strong><a href=\"https:\/\/ligadonanet.com.br\/nossacasa\/?page_id=379\" data-type=\"page\" data-id=\"379\">dores cervicais<\/a>\u00a0<\/strong>tamb\u00e9m s\u00e3o bastante frequentes e a postura inadequada adotada nos \u00faltimos anos com o uso de smathphones fatalmente causar\u00e1 um aumento nos casos de cefal\u00e9ias e cervicalgias.<\/p><p>Mais de 70% dos pacientes com\u00a0<strong>c\u00e2ncer\u00a0<\/strong>referem dores cr\u00f4nicas. Destes, praticamente metade relatam dores de forte intensidade. Ainda vivemos um momento onde as dores dos pacientes com c\u00e2ncer s\u00e3o subtratadas sendo que apenas 3% deles s\u00e3o encaminhados para especialistas em dor.\u00a0<a href=\"https:\/\/drandremansano.com.br\/dor-no-cancer\/\" data-type=\"page\" data-id=\"498\">Veja mais sobre dores do c\u00e2ncer aqui.<\/a><\/p><p>Temos ainda as dores que s\u00e3o muitas vezes lancinantes e incapacitantes como a\u00a0<strong><a href=\"https:\/\/ligadonanet.com.br\/nossacasa\/?page_id=208\" data-type=\"page\" data-id=\"208\">Neuralgia do Trig\u00eameo<\/a><\/strong>\u00a0e a\u00a0<strong><a href=\"https:\/\/ligadonanet.com.br\/nossacasa\/?p=616\" data-type=\"post\" data-id=\"616\">Cefal\u00e9ia em Salvas<\/a><\/strong>.<\/p><\/div><\/div><\/div><div class=\"elementor-element elementor-element-e7b9f75 elementor-widget elementor-widget-theme-post-content\" data-id=\"e7b9f75\" data-element_type=\"widget\" data-widget_type=\"theme-post-content.default\"><div class=\"elementor-widget-container\">\u00a0<\/div><\/div><\/div>\n\t\t\t\t<\/div>\n\t\t\t\t\t\t\t<div class=\"elementor-toggle-item\">\n\t\t\t\t\t<div id=\"elementor-tab-title-4562\" class=\"elementor-tab-title\" data-tab=\"2\" role=\"button\" aria-controls=\"elementor-tab-content-4562\" aria-expanded=\"false\">\n\t\t\t\t\t\t\t\t\t\t\t\t<span class=\"elementor-toggle-icon elementor-toggle-icon-right\" aria-hidden=\"true\">\n\t\t\t\t\t\t\t\t\t\t\t\t\t\t\t<span class=\"elementor-toggle-icon-closed\"><i class=\"fas fa-plus-circle\"><\/i><\/span>\n\t\t\t\t\t\t\t\t<span class=\"elementor-toggle-icon-opened\"><i class=\"elementor-toggle-icon-opened fas fa-plus\"><\/i><\/span>\n\t\t\t\t\t\t\t\t\t\t\t\t\t<\/span>\n\t\t\t\t\t\t\t\t\t\t\t\t<a class=\"elementor-toggle-title\" tabindex=\"0\">Qual a diferenc\u0327a entre dor aguda e cro\u0302nica?<\/a>\n\t\t\t\t\t<\/div>\n\n\t\t\t\t\t<div id=\"elementor-tab-content-4562\" class=\"elementor-tab-content elementor-clearfix\" data-tab=\"2\" role=\"region\" aria-labelledby=\"elementor-tab-title-4562\"><p><span style=\"font-weight: 400;\">E\u0301 importante diferenciar as dores agudas das cro\u0302nicas. As dores agudas sa\u0303o consideradas fisiolo\u0301gicas, como um sinal de alerta, da maior importa\u0302ncia para a sobrevive\u0302ncia. Tem durac\u0327a\u0303o limitada e passa assim que a causa for resolvida (ex.uma dor resultante de um corte passa apo\u0301s a cicatrizac\u0327a\u0303o\u201d.<\/span><\/p><p><span style=\"font-weight: 400;\">Ja\u0301 as dores cro\u0302nicas na\u0303o te\u0302m a finalidade biolo\u0301gica de alerta e sobrevive\u0302ncia e podemos dizer que se constituem como verdadeiramente uma doenc\u0327a. Com relac\u0327a\u0303o ao aspecto temporal, as definic\u0327o\u0303es variam quanto sua conceituac\u0327a\u0303o, da durac\u0327a\u0303o de mais de tre\u0302s ou seis meses, ou as que persistem apo\u0301s a cura da lesa\u0303o inicial.<br \/><\/span><span style=\"background-color: transparent; color: var( --e-global-color-355cf38 ); font-family: var( --e-global-typography-1829d93-font-family ), Sans-serif; letter-spacing: var( --e-global-typography-1829d93-letter-spacing );\"><br \/><strong>Muitas pessoas sofrem com dores cro\u0302nicas?<\/strong><\/span><\/p><p><span style=\"font-weight: 400;\">Estudos mostram que aproximadamente 100 milho\u0303es de americanos sofrem com dores cro\u0302nicas, o que representam de 20 a 30% da populac\u0327a\u0303o. E\u0301 um nu\u0301mero alarmante e que gera, alem de sofrimento individual, inu\u0301meros gastos diretos (ex. gastos com tratamentos) e indiretos (ex. perda de produtividade) para sociedade com um todo.<\/span><\/p><p><span style=\"font-weight: 400;\">Por exemplo, os EUA gastam mais de 600 bilho\u0303es de do\u0301lares por ano com pacientes com dores cro\u0302ncias, muito mais do que com diabetes ou doenc\u0327as cardiovasculares.<\/span><\/p><\/div>\n\t\t\t\t<\/div>\n\t\t\t\t\t\t\t<div class=\"elementor-toggle-item\">\n\t\t\t\t\t<div id=\"elementor-tab-title-4563\" class=\"elementor-tab-title\" data-tab=\"3\" role=\"button\" aria-controls=\"elementor-tab-content-4563\" aria-expanded=\"false\">\n\t\t\t\t\t\t\t\t\t\t\t\t<span class=\"elementor-toggle-icon elementor-toggle-icon-right\" aria-hidden=\"true\">\n\t\t\t\t\t\t\t\t\t\t\t\t\t\t\t<span class=\"elementor-toggle-icon-closed\"><i class=\"fas fa-plus-circle\"><\/i><\/span>\n\t\t\t\t\t\t\t\t<span class=\"elementor-toggle-icon-opened\"><i class=\"elementor-toggle-icon-opened fas fa-plus\"><\/i><\/span>\n\t\t\t\t\t\t\t\t\t\t\t\t\t<\/span>\n\t\t\t\t\t\t\t\t\t\t\t\t<a class=\"elementor-toggle-title\" tabindex=\"0\">Como a dor e\u0301 percebida?<\/a>\n\t\t\t\t\t<\/div>\n\n\t\t\t\t\t<div id=\"elementor-tab-content-4563\" class=\"elementor-tab-content elementor-clearfix\" data-tab=\"3\" role=\"region\" aria-labelledby=\"elementor-tab-title-4563\"><p><span style=\"font-weight: 400;\">Antes de mais nada devemos ressaltar que toda e qualquer dor e\u0301 percebida pelo ce\u0301rebro. A informac\u0327a\u0303o da dor percorre va\u0301rios caminhos ate\u0301 chegar nas estruturas cerebrais que a percebem.\u00a0<\/span><\/p><p><strong>Primeira fase: \u201cTraduc\u0327a\u0303o&#8221;<\/strong><\/p><p><span style=\"font-weight: 400;\">Os receptores de dor presentes na pele, articulac\u0327o\u0303es e mu\u0301sculos por exemplo, sa\u0303o ativados por diferentes esti\u0301mulos entre eles meca\u0302nicos (ex. cortes, batidas, perfurac\u0327o\u0303es), te\u0301rmicos (substa\u0302ncias quentes, fogo) e qui\u0301micos (subsa\u0302ncias a\u0301cidas, etc). O papel dos receptores de dor e\u0301 justamente transformar esses esti\u0301mulos em esti\u0301mulos ele\u0301tricos, pois somente os esti\u0301mulos ele\u0301tricos podem ser transportados pelos neuro\u0302nios. A essa transformac\u0327a\u0303o se da\u0301 o nome de \u201ctraduc\u0327a\u0303o\u201d.<\/span><\/p><p><strong>Segunda fase: \u201cConduc\u0327a\u0303o&#8221;<\/strong><\/p><p><span style=\"font-weight: 400;\">Na segunda fase os neuro\u0302nios levam a informac\u0327a\u0303o da dor ate\u0301 a medula espinhal. La\u0301 as informac\u0327o\u0303es sera\u0303o repassadas a outros neuro\u0302nios.<\/span><\/p><p><strong>Terceira fase: \u201cTransmissa\u0303o&#8221;<\/strong><\/p><p><span style=\"font-weight: 400;\">Na terceira fase os novos neuro\u0302nios levam a informac\u0327a\u0303o da medula ate\u0301 as a\u0301reas do ce\u0301rebro responsa\u0301veis pela interpretac\u0327a\u0303o da dor.<\/span><\/p><p><strong>Quarta fase: \u201cPercepc\u0327a\u0303o&#8221;<\/strong><\/p><p><span style=\"font-weight: 400;\">Na quarta fase o ce\u0301rebro percebe a dor propriamente dita. E\u0301 aqui que sentiremos a dor em suas diversas caracteri\u0301sticas como intensidade (fraca, moderada ou intensa), se a dor e\u0301 em queimac\u0327a\u0303o ou tipo uma pontada, etc e a pro\u0301pria durac\u0327a\u0303o.<\/span><\/p><p><strong>Quinta fase: \u201cModulac\u0327a\u0303o\u201d<\/strong><\/p><p><span style=\"font-weight: 400;\">Depois que o ce\u0301rebro intertpreta a dor, ocorre o que chamamos de modulac\u0327a\u0303o da dor. Impulsos nervosos sa\u0303o mandados de volta ao local da dor no sentido de diminuir a sua intensidade. E\u0301 como se o ce\u0301rebro dissesse: \u201cJa\u0301 registrei que algo esta\u0301 errado, agora podemos diminuir o sofrimento\u201d. Infelizmente nem sempre o sistema funciona de forma ta\u0303o perfeita.<\/span><\/p><\/div>\n\t\t\t\t<\/div>\n\t\t\t\t\t\t\t\t<\/div>\n\t\t\t\t<\/div>\n\t\t\t\t<\/div>\n\t\t\t\t\t<\/div>\n\t\t<\/div>\n\t\t\t\t\t<\/div>\n\t\t<\/section>\n\t\t\t\t<\/div>\n\t\t","protected":false},"excerpt":{"rendered":"<p>A DOR Dor, segundo a Associac\u0327a\u0303o Internacional para o Estudo a Dor, e\u0301 uma experie\u0302ncia sensitiva e emocional desagrada\u0301vel, associada a uma lesa\u0303o tecidual atual, potencial, ou descrita em termos de tal lesa\u0303o. A dor e\u0301, portanto, uma das principais de causas sofrimento fi\u0301sico experimentadas pelo ser humano. Aristo\u0301teles (384 a.C. \u2013 322 a.C.) dizia que \u201co sa\u0301bio na\u0303o e\u0301 aquele que procura o prazer, e\u0301 aquele que evita a dor\u201d. Se perguntarmos para algue\u0301m se essa pessoa gostaria de nunca sentir dor, e\u0301 quase certo que receberi\u0301amos uma resposta positiva, afinal ningue\u0301m, ou quase ningue\u0301m, gosta de sentir dor. Pore\u0301m, sabemos que a capacidade de sentir dor e\u0301 algo fundamental para a sobrevive\u0302ncia de qualquer espe\u0301cie animal. A presenc\u0327a da dor sinaliza que algo esta\u0301 errado. No caso dos animais, isso gera um comportamento protetor (ex. fugir de um predador). No caso dos seres humanos, ale\u0301m de gerar um comportamento protetor, nos leva a procurar ajuda (ex. ir ao me\u0301dico). Existe uma rara doenc\u0327a onde os pacientes na\u0303o sa\u0303o capazes de sentir dor. E\u0301 a chamada \u201cInsensibilidade Conge\u0302nita a\u0300 Dor\u201d, resultante de uma mutac\u0327a\u0303o gene\u0301tica. Esses pacientes esta\u0303o sujeitos a traumas e leso\u0303es constantes, na\u0303o raro quebram algum membro sem que isso incomode por exemplo. Abaixo pode-se ter uma ide\u0301ia das repercusso\u0303es da doenc\u0327a assistindo ao depoimento de um paciente americano com o problema. Quais sa\u0303o as dores cro\u0302nicas mais comuns? As dores lombares s\u00e3o as dores cr\u00f4nicas mais comuns na atualidade. Fruto da mudan\u00e7a do estilo de vida, com aumento da obesidade e do sedentarismo, houve um acr\u00e9scimo na incid\u00eancia de dores lombares cr\u00f4nicas de 4% para 10% nas \u00faltimas d\u00e9cadas. Um estudo patrocinado pela Funda\u00e7\u00e3o Bill e Melinda Gates avaliou o impacto de diversas doen\u00e7as nas popula\u00e7\u00f5es de 188 pa\u00edses. Os pesquisadores conclu\u00edram que a\u00a0dor lombar\u00a0cr\u00f4nica \u00e9 o problema de sa\u00fade que mais causa incapacidade no ser humano. As dores de cabe\u00e7a\u00a0e\u00a0dores cervicais\u00a0tamb\u00e9m s\u00e3o bastante frequentes e a postura inadequada adotada nos \u00faltimos anos com o uso de smathphones fatalmente causar\u00e1 um aumento nos casos de cefal\u00e9ias e cervicalgias. Mais de 70% dos pacientes com\u00a0c\u00e2ncer\u00a0referem dores cr\u00f4nicas. Destes, praticamente metade relatam dores de forte intensidade. Ainda vivemos um momento onde as dores dos pacientes com c\u00e2ncer s\u00e3o subtratadas sendo que apenas 3% deles s\u00e3o encaminhados para especialistas em dor.\u00a0Veja mais sobre dores do c\u00e2ncer aqui. Temos ainda as dores que s\u00e3o muitas vezes lancinantes e incapacitantes como a\u00a0Neuralgia do Trig\u00eameo\u00a0e a\u00a0Cefal\u00e9ia em Salvas. \u00a0 Qual a diferenc\u0327a entre dor aguda e cro\u0302nica? E\u0301 importante diferenciar as dores agudas das cro\u0302nicas. As dores agudas sa\u0303o consideradas fisiolo\u0301gicas, como um sinal de alerta, da maior importa\u0302ncia para a sobrevive\u0302ncia. Tem durac\u0327a\u0303o limitada e passa assim que a causa for resolvida (ex.uma dor resultante de um corte passa apo\u0301s a cicatrizac\u0327a\u0303o\u201d. Ja\u0301 as dores cro\u0302nicas na\u0303o te\u0302m a finalidade biolo\u0301gica de alerta e sobrevive\u0302ncia e podemos dizer que se constituem como verdadeiramente uma doenc\u0327a. Com relac\u0327a\u0303o ao aspecto temporal, as definic\u0327o\u0303es variam quanto sua conceituac\u0327a\u0303o, da durac\u0327a\u0303o de mais de tre\u0302s ou seis meses, ou as que persistem apo\u0301s a cura da lesa\u0303o inicial. Muitas pessoas sofrem com dores cro\u0302nicas? Estudos mostram que aproximadamente 100 milho\u0303es de americanos sofrem com dores cro\u0302nicas, o que representam de 20 a 30% da populac\u0327a\u0303o. E\u0301 um nu\u0301mero alarmante e que gera, alem de sofrimento individual, inu\u0301meros gastos diretos (ex. gastos com tratamentos) e indiretos (ex. perda de produtividade) para sociedade com um todo. Por exemplo, os EUA gastam mais de 600 bilho\u0303es de do\u0301lares por ano com pacientes com dores cro\u0302ncias, muito mais do que com diabetes ou doenc\u0327as cardiovasculares. Como a dor e\u0301 percebida? Antes de mais nada devemos ressaltar que toda e qualquer dor e\u0301 percebida pelo ce\u0301rebro. A informac\u0327a\u0303o da dor percorre va\u0301rios caminhos ate\u0301 chegar nas estruturas cerebrais que a percebem.\u00a0 Primeira fase: \u201cTraduc\u0327a\u0303o&#8221; Os receptores de dor presentes na pele, articulac\u0327o\u0303es e mu\u0301sculos por exemplo, sa\u0303o ativados por diferentes esti\u0301mulos entre eles meca\u0302nicos (ex. cortes, batidas, perfurac\u0327o\u0303es), te\u0301rmicos (substa\u0302ncias quentes, fogo) e qui\u0301micos (subsa\u0302ncias a\u0301cidas, etc). O papel dos receptores de dor e\u0301 justamente transformar esses esti\u0301mulos em esti\u0301mulos ele\u0301tricos, pois somente os esti\u0301mulos ele\u0301tricos podem ser transportados pelos neuro\u0302nios. A essa transformac\u0327a\u0303o se da\u0301 o nome de \u201ctraduc\u0327a\u0303o\u201d. Segunda fase: \u201cConduc\u0327a\u0303o&#8221; Na segunda fase os neuro\u0302nios levam a informac\u0327a\u0303o da dor ate\u0301 a medula espinhal. La\u0301 as informac\u0327o\u0303es sera\u0303o repassadas a outros neuro\u0302nios. Terceira fase: \u201cTransmissa\u0303o&#8221; Na terceira fase os novos neuro\u0302nios levam a informac\u0327a\u0303o da medula ate\u0301 as a\u0301reas do ce\u0301rebro responsa\u0301veis pela interpretac\u0327a\u0303o da dor. Quarta fase: \u201cPercepc\u0327a\u0303o&#8221; Na quarta fase o ce\u0301rebro percebe a dor propriamente dita. E\u0301 aqui que sentiremos a dor em suas diversas caracteri\u0301sticas como intensidade (fraca, moderada ou intensa), se a dor e\u0301 em queimac\u0327a\u0303o ou tipo uma pontada, etc e a pro\u0301pria durac\u0327a\u0303o. Quinta fase: \u201cModulac\u0327a\u0303o\u201d Depois que o ce\u0301rebro intertpreta a dor, ocorre o que chamamos de modulac\u0327a\u0303o da dor. Impulsos nervosos sa\u0303o mandados de volta ao local da dor no sentido de diminuir a sua intensidade. E\u0301 como se o ce\u0301rebro dissesse: \u201cJa\u0301 registrei que algo esta\u0301 errado, agora podemos diminuir o sofrimento\u201d. Infelizmente nem sempre o sistema funciona de forma ta\u0303o perfeita.<\/p>\n","protected":false},"author":1,"featured_media":0,"parent":0,"menu_order":0,"comment_status":"closed","ping_status":"closed","template":"elementor_header_footer","meta":{"_joinchat":[],"footnotes":""},"class_list":["post-1634","page","type-page","status-publish","hentry"],"_links":{"self":[{"href":"https:\/\/drandremansano.com.br\/index.php\/wp-json\/wp\/v2\/pages\/1634"}],"collection":[{"href":"https:\/\/drandremansano.com.br\/index.php\/wp-json\/wp\/v2\/pages"}],"about":[{"href":"https:\/\/drandremansano.com.br\/index.php\/wp-json\/wp\/v2\/types\/page"}],"author":[{"embeddable":true,"href":"https:\/\/drandremansano.com.br\/index.php\/wp-json\/wp\/v2\/users\/1"}],"replies":[{"embeddable":true,"href":"https:\/\/drandremansano.com.br\/index.php\/wp-json\/wp\/v2\/comments?post=1634"}],"version-history":[{"count":0,"href":"https:\/\/drandremansano.com.br\/index.php\/wp-json\/wp\/v2\/pages\/1634\/revisions"}],"wp:attachment":[{"href":"https:\/\/drandremansano.com.br\/index.php\/wp-json\/wp\/v2\/media?parent=1634"}],"curies":[{"name":"wp","href":"https:\/\/api.w.org\/{rel}","templated":true}]}}